{"id":6753,"date":"2024-04-02T22:16:51","date_gmt":"2024-04-02T20:16:51","guid":{"rendered":"https:\/\/wirtschaftspost-online.de\/?page_id=6753"},"modified":"2024-04-29T08:24:58","modified_gmt":"2024-04-29T06:24:58","slug":"interview-mit-regierungsoberamtsrat-klaus-roth-leiter-des-kundenservice-der-bundeswehr-in-magdeburg","status":"publish","type":"page","link":"https:\/\/wirtschaftspost-online.de\/?page_id=6753","title":{"rendered":"Interview mit Regierungsoberamtsrat Klaus Roth, Leiter des Kundenservice der Bundeswehr in Magdeburg"},"content":{"rendered":"<div class=\"wp-block-image\">\n<figure class=\"alignright size-full\"><img loading=\"lazy\" decoding=\"async\" width=\"219\" height=\"34\" src=\"https:\/\/wirtschaftspost-online.de\/wp-content\/uploads\/2024\/04\/BW-Logo.png\" alt=\"\" class=\"wp-image-6756\"\/><\/figure><\/div>\n\n\n<p class=\"has-black-color has-text-color has-link-color wp-elements-fb06674267a1e1b0bbb0b23c6eebb0fb\"><strong><em>Wir unterhielten uns mit Regierungsoberamtsrat Klaus Roth, dem Leiter Kundenservice der Bundeswehr, dem auch der Jobservice und damit der Service des Berufsf\u00f6rderungsdienstes (BFD) der Bundeswehr angeh\u00f6rt. Dieser soll den Soldatinnen und Soldaten am Ende ihrer Dienstzeit helfen, sich nach ihrem Ausscheiden wieder bestm\u00f6glich im Arbeitsmarkt integrieren zu k\u00f6nnen.<\/em><\/strong><\/p>\n\n\n<div class=\"wp-block-image\">\n<figure class=\"alignleft size-medium is-resized\"><img loading=\"lazy\" decoding=\"async\" width=\"234\" height=\"300\" src=\"https:\/\/wirtschaftspost-online.de\/wp-content\/uploads\/2024\/04\/Klaus-Roth-1-234x300.jpg\" alt=\"\" class=\"wp-image-6754\" style=\"width:210px;height:auto\" srcset=\"https:\/\/wirtschaftspost-online.de\/wp-content\/uploads\/2024\/04\/Klaus-Roth-1-234x300.jpg 234w, https:\/\/wirtschaftspost-online.de\/wp-content\/uploads\/2024\/04\/Klaus-Roth-1-797x1024.jpg 797w, https:\/\/wirtschaftspost-online.de\/wp-content\/uploads\/2024\/04\/Klaus-Roth-1-768x986.jpg 768w, https:\/\/wirtschaftspost-online.de\/wp-content\/uploads\/2024\/04\/Klaus-Roth-1-650x835.jpg 650w, https:\/\/wirtschaftspost-online.de\/wp-content\/uploads\/2024\/04\/Klaus-Roth-1-300x385.jpg 300w, https:\/\/wirtschaftspost-online.de\/wp-content\/uploads\/2024\/04\/Klaus-Roth-1.jpg 900w\" sizes=\"auto, (max-width: 234px) 100vw, 234px\" \/><figcaption class=\"wp-element-caption\">ROAR Klaus Roth<\/figcaption><\/figure><\/div>\n\n\n<p class=\"has-black-color has-text-color has-link-color wp-elements-aa0f216d6ad8bf810808884365c0a09c\">Sehr geehrter Herr Roth,<br>in unserem Beitrag in der NEWSBOX der WIRTSCHAFTSPOST &#8222;<a href=\"https:\/\/wirtschaftspost-online.de\/?p=6053\" target=\"_blank\" rel=\"noopener\" title=\"\">Was kommt nach der Bundeswehrzeit?<\/a>&#8220; motivieren Sie Ihre potenziellen Verb\u00fcndeten, den kostenlosen Service des Berufsf\u00f6rderungsdienstes (BFD) der Bundeswehr zu nutzen. <br><strong>Wie beschreiben Sie das Netzwerk, in dem Sie bereits agieren?<\/strong><\/p>\n\n\n\n<p class=\"has-black-color has-text-color has-link-color wp-elements-f827313f63dfd0a805dda1210aa751ca\">Es ist famili\u00e4r. In Magdeburg ist es fast wie auf einem Dorf: Man kennt sich und wird als &#8222;Neuer&#8220; gut aufgenommen. Diese Tatsache macht das Netzwerk in seiner Form sozusagen effizient. Es setzt allerdings voraus, dass man Vorhaben gemeinsam voranbringen m\u00f6chte. Daran &#8222;klemmt es&#8220; aber gerade hier in Magdeburg \u2013 es gibt viele unterschiedlichen Interessen, die ein gemeinsames &#8222;Wirken&#8220; hemmen.<br>F\u00fcr meine Rolle in diesem Netzwerk ist das allerdings nicht von Bedeutung, sondern lediglich eine Beobachtung.<\/p>\n\n\n\n<p class=\"has-black-color has-text-color has-link-color wp-elements-c1b8e50b5670a7237406bf30859a5ac1\"><strong>Wer sind bislang die Partner des BFD aus der Wirtschaft, gibt es Referenzen, auf die Sie stolz sind?<\/strong><\/p>\n\n\n\n<p class=\"has-black-color has-text-color has-link-color wp-elements-5c7e61d4e8f52828e17850d09274387f\">Nun ja, ich habe eigentlich die gesamte Arbeit und die gute Vernetzung meinem Vorg\u00e4nger &#8211; Herrn Regierungsoberamtsrat Klaus Specht &#8211; zu verdanken, der jetzt im wohlverdienten Ruhestand ist. Er aber diese f\u00fcr den BFD wichtigen Netzwerke aufgebaut. Ich habe Sie lediglich nach der Corona-Pause wiederbeleben m\u00fcssen &#8211; was mir sehr gut gelungen ist. Stolz bin ich darauf, dass ich es geschafft habe, 2023 das alte Netzwerk des BFD in seiner Form komplett &#8222;wiederzubeleben&#8220;.<\/p>\n\n\n\n<p class=\"has-black-color has-text-color has-link-color wp-elements-242e5ae106953d6c5f1e0015131bb000\"><strong>Welche Qualifikationen und F\u00e4higkeiten vermittelt die Bundeswehr ihren Soldatinnen und Soldaten schon w\u00e4hrend des aktiven Dienstes, von denen sp\u00e4ter die Wirtschaft profitieren k\u00f6nnte? Welche Anpassungen und Qualifizierungen des BFD k\u00f6nnen helfen, noch vorhandene Defizite abzubauen?<\/strong><\/p>\n\n\n\n<p class=\"has-black-color has-text-color has-link-color wp-elements-d620376399412c6182c19c9fb0d2e2bf\">Pauschal l\u00e4sst sich die Frage zu den Qualifikationen unserer Soldatinnen und Soldaten nicht beantworten. Das w\u00e4re vielleicht in einem kommenden Interview von Bedeutung, in dem Sie uns eine Branche (z. B. Logistik, Medizin oder anderes vorgeben). Generell kann man sagen, dass wir alle Bereich der m\u00f6glichen Qualifizierung mit unseren Soldatinnen und Soldaten &#8222;abdecken&#8220;. Entweder bringen sie einen passenden Abschluss mit oder die Bundeswehr selbst qualifiziert die Soldatinnen und Soldaten so, dass Sie in ihrer Funktion die bestm\u00f6gliche Bildung besitzen.<\/p>\n\n\n\n<p><\/p>\n\n\n\n<p class=\"has-black-color has-text-color has-link-color wp-elements-b1f82a9efa8fcbfcf53a36e1c50f66c3\">Auch die T\u00e4tigkeiten des BFD kann man kurz in Beratung und F\u00f6rderung zusammenfassen. Dabei unterteile ich in folgende Punkte:<\/p>\n\n\n\n<ul class=\"has-black-color has-text-color has-link-color wp-block-list wp-elements-065afdad2cdbcfffaa59a2c94d75a7ce\">\n<li>Individuelle Beratung f\u00fcr ma\u00dfgeschneiderte Eingliederung<br>Soldatinnen auf Zeit und Soldaten auf Zeit (SaZSoldatinnen und Soldaten auf Zeit), Freiwilligen Wehrdienst Leistende oder Berufssoldatinnen und Berufssoldaten mit besonderer Altersgrenze (BO41 = Jetpiloten) werden schon w\u00e4hrend ihrer milit\u00e4rischen Dienstzeit auf ihren n\u00e4chsten Lebensabschnitt vorbereitet. \u00dcber 900 qualifizierte Fachkr\u00e4fte des Berufsf\u00f6rderungsdienstes beraten und betreuen bundesweit und im Ausland. Die Fragen zur Berufswahl, zur beruflichen Qualifizierung und zur finanziellen Absicherung nach Ende der Dienstzeit werden so gekl\u00e4rt. Sie werden von der Bundeswehr mit einem umfangreichen F\u00f6rderungs- und Dienstleistungsangebot versorgt. Das regelt das Soldatenversorgungsgesetz (SVG).<\/li>\n\n\n\n<li>Individuelle Unterst\u00fctzung mit qualifizierten Fachkr\u00e4ften<br>Ehemalige Soldatinnen und Soldaten sind gut ausgebildete Fachkr\u00e4fte f\u00fcr den Arbeitsmarkt. Sie nutzen die milit\u00e4rische Zeit, um sich fachlich weiterzubilden und Berufserfahrung in unterschiedlichen Bereichen zu sammeln.<\/li>\n\n\n\n<li>Dienstzeitbegleitende F\u00f6rderung<br>Bereits w\u00e4hrend der milit\u00e4rischen Dienstzeit kann der Einstieg in das zivile Berufsleben aktiv gestaltet werden. Durch Teilnahme an Bildungsma\u00dfnahmen, die der Berufsf\u00f6rderungsdienst anbietet, k\u00f6nnen vorhandene Kenntnisse und Fertigkeiten aufgefrischt und zus\u00e4tzliche Qualifikationen erworben werden. Dadurch kann der Berufsstart beschleunigt oder der Weg f\u00fcr eine Weiterbildung er\u00f6ffnet werden.<\/li>\n\n\n\n<li>F\u00f6rderung am Ende und nach der Wehrdienstzeit<br>Abh\u00e4ngig von der individuellen Verpflichtungszeit besteht ein gestaffelter Anspruch auf F\u00f6rderung der schulischen und beruflichen Bildung. F\u00fcr die schulische Bildung gibt es die Bundeswehrfachschulen. Hier werden h\u00f6herwertige Schulabschl\u00fcsse erworben oder spezielle Vorbereitungskurse, zum Beispiel f\u00fcr einen Studienbeginn, durchgef\u00fchrt. Zum Angebot geh\u00f6rt auch die Ausbildung zur staatlich gepr\u00fcften Erzieherin\/ zum staatlich gepr\u00fcften Erzieher. Eine verk\u00fcrzte Ausbildung zur Kauffrau\/ zum Kaufmann f\u00fcr B\u00fcromanagement wird auch angeboten. Unter beruflicher Bildung versteht man die fachberufliche Aus-, Fort- und Weiterbildung in \u00f6ffentlichen und privaten Bildungseinrichtungen, Betrieben, Verwaltungen und Hochschulen. Individualit\u00e4t ist dem BFD Berufsf\u00f6rderungsdienst der Bundeswehr wichtig. Im Zusammenspiel mit fr\u00fchzeitiger Beratung und F\u00f6rderung w\u00e4hrend der Dienstzeit wird hier ein ma\u00dfgeschneidertes Paket zur Unterst\u00fctzung der Eingliederung in den Zivilberuf geschn\u00fcrt.<br>Dabei ist dem BFD Berufsf\u00f6rderungsdienst der Bundeswehr eine enge Zusammenarbeit mit den Soldatinnen und Soldaten wichtig, damit die individuellen Ziele erreicht werden k\u00f6nnen.<\/li>\n<\/ul>\n\n\n\n<p class=\"has-black-color has-text-color has-link-color wp-elements-493e5f20571546eda0ee435b5dbb830a\"><strong>K\u00f6nnen Sie bitte anhand weniger Zahlen verdeutlichen, welche Dimension Ihre Personaldienstleistung f\u00fcr Sachsen-Anhalt umfasst?<\/strong><\/p>\n\n\n\n<p class=\"has-black-color has-text-color has-link-color wp-elements-1f5d91bf51593347d96ea252b083b1ee\">Das k\u00f6nnte man immer mit genauen Zahlen je Monat belegen. Allerdings kann man auch einen Faustformel ansetzen. Die Bundeswehr sucht jedes Jahr etwa 16.000 neue Soldatinnen und Soldaten. Das w\u00e4ren f\u00fcr jedes Bundesland etwa 1.000. Da Sachsen-Anhalt in Bev\u00f6lkerungszahlen eines der kleineren Bundesl\u00e4nder ist, ziehen wir von den etwa 1.000 je Bundesland nochmal gut 300 ab und kommen somit auf 700. Von diesen 700 entscheiden sich etwa die H\u00e4lfte f\u00fcr einen Widereinstieg in die Bundeswehr oder eine berufliche Zukunft im \u00f6ffentlichen Dienst. Damit bleiben ungef\u00e4hr 350 f\u00fcr einen Einstieg in den Arbeitsmarkt in Sachsen-Anhalt \u00fcbrig, die jedes Jahr aus der Bundeswehr wieder dem Arbeitsmarkt zur Verf\u00fcgung stehen und einen Arbeitsplatz in Sachen-Anhalt suchen. Im Jahr 2023 waren es aber sogar 450 Arbeitskr\u00e4fte.<\/p>\n\n\n\n<p class=\"has-black-color has-text-color has-link-color wp-elements-2dedefde9aa11b3016033d576f83688b\"><strong>Die Verb\u00e4nde und Kammern bieten eine Flut von Beratungs- und Informationsveranstaltungen f\u00fcr Menschen an, die Unternehmen gr\u00fcnden oder als Nachfolgekandidaten in die Fu\u00dfstapfen gealterter Unternehmer steigen sollen und wollen. Ist auch die Vermittlung in eine selbstst\u00e4ndige T\u00e4tigkeit oder in offene Nachfolgestellen in der Wirtschaft in Verbindung mit Beratung und Qualifizierung eine Option f\u00fcr Ihren Service?<\/strong><\/p>\n\n\n\n<p class=\"has-black-color has-text-color has-link-color wp-elements-8f94c5f4afc0081d1eab9e60f3e10365\">Da tun wir bereits einiges \u2013 wenn der Bedarf besteht. So arbeiten wir z. B. mit der Handwerkskammer und der dortigen Betriebsnachfolgeb\u00f6rse zusammen. Soldat*innen, die Interesse an einer Selbstst\u00e4ndigkeit haben, werden durch uns entsprechend informiert und erhalten alle Informationen die Sie ben\u00f6tigen, um den Schritt in die Selbstst\u00e4ndigkeit zu wagen und dort zu bestehen.<\/p>\n\n\n\n<p class=\"has-black-color has-text-color has-link-color wp-elements-3e7ff8492c0554f53848443ab0bd0834\"><strong>Gibt es daf\u00fcr vielleicht sogar F\u00f6rdert\u00f6pfe, die Sie nutzen k\u00f6nnten?<\/strong><\/p>\n\n\n\n<p class=\"has-black-color has-text-color has-link-color wp-elements-3cd06919380b017e43ee3cbba0dea375\">F\u00f6rdert\u00f6pfe f\u00fcr Unternehmensnachfolge bietet ja in der Regel die Kfw und anderer Institutionen \u2013 der BFD hat keine vergleichbaren M\u00f6glichkeiten.<\/p>\n\n\n\n<p class=\"has-black-color has-text-color has-link-color wp-elements-87feb7553dc2de8de6002d769ce2a00f\"><strong>Wie ist Ihr eigenes Team personell aufgestellt? Greifen Sie selbst auf externe Dienstleister zu, um die Potentiale Ihrer Arbeit auszusch\u00f6pfen oder Ihre Ziele schneller zu erreichen?<\/strong><\/p>\n\n\n\n<p class=\"has-black-color has-text-color has-link-color wp-elements-195e99acb63e4d2bc97819eadf2b52d8\">Die personelle Ausstattung der BFD im Bundesgebiet richtet sich nach der Personalst\u00e4rke der zu betreuenden Bundeswehrstandorte. F\u00fcr die in Sachen-Anhalt stationierten Bundeswehreinheiten haben wir 9 Beraterinnen und Berater (zur Beratung der Soldatinnen und Soldaten am Standort) und 5 Kolleginnen im Jobservice als Schnittstelle zur Wirtschaft. Dazu kommen 4 B\u00fcrokr\u00e4fte.<br>Auf externe Dienstleistungen k\u00f6nnen wir leider nicht zur\u00fcckgreifen, da dies der Aufgabe des BFD entgegenstehen w\u00fcrde. Au\u00dferdem haben wir daf\u00fcr keinerlei finanzielle M\u00f6glichkeiten.<\/p>\n\n\n\n<p class=\"has-black-color has-text-color has-link-color wp-elements-c92e83414aa7fb4e9d8b90e022733155\"><strong>Ist die Zusammenarbeit mit privaten Personaldienstleistern ganz allgemein und konkret gewollt und m\u00f6glich? Zu welcher Vorgehensweise raten Sie interessierten Anbietern der Branche, die mit dem BFD an einem Strang ziehen wollen?<\/strong><\/p>\n\n\n\n<p class=\"has-black-color has-text-color has-link-color wp-elements-7d114cf966fd767de5701f37ab53c029\">Eine Zusammenarbeit kann m\u00f6glich sein. Dazu muss der Personaldienstleister aber bereit sein, &#8222;andere Wege&#8220; zu gehen. Eine Zusammenarbeit im Rahmen einer zu erbringenden Dienstleistung im Rahmen der Personalgewinnung f\u00fcr ein Unternehmen (also einem Kunden des Personaldienstleisters) ist f\u00fcr uns als BFD nicht m\u00f6glich, das es unserem gesetzlichen Auftrag widerspricht und auch gegen geltende rechtliche Regelungen versto\u00dfen w\u00fcrde.<br>Es gibt als keine Vorgehensweise zu der ich raten k\u00f6nnte. Allerdings ist es nie falsch, ein pers\u00f6nliches Gespr\u00e4ch zu suchen, um Schnittstellen zu besprechen.<\/p>\n\n\n\n<p class=\"has-black-color has-text-color has-link-color wp-elements-d4035d845e44caee1482aa391ea8f72a\"><strong>Mit Ihren Angeboten bieten Sie L\u00f6sungen f\u00fcr die Wirtschaft, nach denen die Politik und \u00d6ffentlichkeit seit Jahren rufen. Mit welcher Strategie bedienen Sie die Medienlandschaft unseres Landes und lie\u00dfen sich daraus in der Vergangenheit bereits Erfolge f\u00fcr Ihre Arbeit ableiten?<\/strong><\/p>\n\n\n\n<p class=\"has-black-color has-text-color has-link-color wp-elements-f75347d83a6475e5718d53d6d69bb201\">Der Berufsf\u00f6rderungsdienst (BFD) ist Teil der Personalgewinnungsorganisation der Bundeswehr. Seine Aufgabe ist aber nicht, Personalgewinnung f\u00fcr die Bundeswehr zu betreiben, sondern das Personal der Bundeswehr am Ende der Dienstzeit wieder bestm\u00f6glich im Arbeitsmarkt zu platzieren. Dies soll die Attraktivit\u00e4t der Bundeswehr als &#8222;Arbeitgeber auf Zeit&#8220; steigern, da die meisten Soldatinnen und Soldaten einen Zeitvertrag mit der Bundeswehr eingehen.<\/p>\n\n\n\n<p class=\"has-black-color has-text-color has-link-color wp-elements-2cd12984bc1b956285e16d74bfd00eb7\">Die Medienstrategie f\u00fcr den Bereich der Personalgewinnung wird durch die Oberbeh\u00f6rde in K\u00f6ln \u2013 das Bundesamt f\u00fcr das Personalmanagement (BAPersBw), vorgegeben. Gleichzeitig ist eine Abteilung im Bundesministerium f\u00fcr Verteidigung (BMVg) involviert. Dort wird die Bundeswehr in einer &#8222;Arbeitgebermarke Bundeswehr&#8220; definiert. Diese engen Grenzen sind von uns zu beachten und geben eigener Kreativit\u00e4t eigentlich keinen Raum. Ich halte das auch f\u00fcr sinnvoll, da ich hier nicht f\u00fcr den BFD Magdeburg handle, sondern immer f\u00fcr den Arbeitgeber Bundeswehr mit einem eigenen Corporate Design.<\/p>\n\n\n\n<p class=\"has-black-color has-text-color has-link-color wp-elements-8f878c7b0096a875ce9aa3428fa8cbc2\">Leider findet aber die Arbeit des BFD in der medialen Werbung der Personalgewinnung der Bundeswehr kaum einen Platz. Kreativ kann man als BFD Magdeburg aber immer dann sein, wenn \u00fcber uns berichtet wird und wir lediglich bei der Gestaltung der Beitr\u00e4ge eines anderen behilflich sind.<\/p>\n\n\n\n<hr class=\"wp-block-separator has-alpha-channel-opacity\"\/>\n\n\n<div class=\"wp-block-image\">\n<figure class=\"alignright size-full is-resized\"><img loading=\"lazy\" decoding=\"async\" width=\"266\" height=\"206\" src=\"https:\/\/wirtschaftspost-online.de\/wp-content\/uploads\/2024\/04\/Bundeswehr-Logo-quadratisch.png\" alt=\"\" class=\"wp-image-6759\" style=\"width:128px;height:auto\"\/><\/figure><\/div>\n\n\n<p>Weitere Informationen zu Karrierechancen in der Bundeswehr und zum Berufsf\u00f6rderungsdienst der Bundeswehr finden Sie unter<strong> <a href=\"https:\/\/www.bundeswehr.de\/de\/betreuung-fuersorge\/der-berufsfoerderungsdienst-der-bundeswehr-bfd\" target=\"_blank\" rel=\"noopener\" title=\"\">www.bundeswehr.de<\/a><\/strong>.<\/p>\n","protected":false},"excerpt":{"rendered":"<p>Wir unterhielten uns mit Regierungsoberamtsrat Klaus Roth, dem Leiter Kundenservice der Bundeswehr, dem auch der Jobservice und damit der Service des Berufsf\u00f6rderungsdienstes (BFD) der Bundeswehr angeh\u00f6rt. Dieser soll den Soldatinnen und Soldaten am Ende ihrer Dienstzeit helfen, sich nach ihrem <a class=\"more-link\" href=\"https:\/\/wirtschaftspost-online.de\/?page_id=6753\">[ . . . ]<\/a><\/p>\n","protected":false},"author":1,"featured_media":0,"parent":0,"menu_order":0,"comment_status":"closed","ping_status":"closed","template":"","meta":{"footnotes":""},"class_list":["post-6753","page","type-page","status-publish","hentry"],"aioseo_notices":[],"_links":{"self":[{"href":"https:\/\/wirtschaftspost-online.de\/index.php?rest_route=\/wp\/v2\/pages\/6753","targetHints":{"allow":["GET"]}}],"collection":[{"href":"https:\/\/wirtschaftspost-online.de\/index.php?rest_route=\/wp\/v2\/pages"}],"about":[{"href":"https:\/\/wirtschaftspost-online.de\/index.php?rest_route=\/wp\/v2\/types\/page"}],"author":[{"embeddable":true,"href":"https:\/\/wirtschaftspost-online.de\/index.php?rest_route=\/wp\/v2\/users\/1"}],"replies":[{"embeddable":true,"href":"https:\/\/wirtschaftspost-online.de\/index.php?rest_route=%2Fwp%2Fv2%2Fcomments&post=6753"}],"version-history":[{"count":4,"href":"https:\/\/wirtschaftspost-online.de\/index.php?rest_route=\/wp\/v2\/pages\/6753\/revisions"}],"predecessor-version":[{"id":6854,"href":"https:\/\/wirtschaftspost-online.de\/index.php?rest_route=\/wp\/v2\/pages\/6753\/revisions\/6854"}],"wp:attachment":[{"href":"https:\/\/wirtschaftspost-online.de\/index.php?rest_route=%2Fwp%2Fv2%2Fmedia&parent=6753"}],"curies":[{"name":"wp","href":"https:\/\/api.w.org\/{rel}","templated":true}]}}